{"id":17671,"date":"2023-01-25T11:32:05","date_gmt":"2023-01-25T11:32:05","guid":{"rendered":"https:\/\/www.itaspertini.edu.it\/site\/?page_id=17671"},"modified":"2025-03-27T15:50:20","modified_gmt":"2025-03-27T15:50:20","slug":"i-luoghi","status":"publish","type":"page","link":"https:\/\/www.itaspertini.edu.it\/site\/la-scuola\/i-luoghi\/","title":{"rendered":"I luoghi"},"content":{"rendered":"\t\t<div data-elementor-type=\"wp-page\" data-elementor-id=\"17671\" class=\"elementor elementor-17671\" data-elementor-post-type=\"page\">\n\t\t\t\t\t\t<section class=\"has_eae_slider elementor-section elementor-top-section elementor-element elementor-element-07ecb6c elementor-section-boxed elementor-section-height-default elementor-section-height-default\" data-eae-slider=\"66535\" data-id=\"07ecb6c\" data-element_type=\"section\" data-e-type=\"section\" data-settings=\"{&quot;background_background&quot;:&quot;classic&quot;}\">\n\t\t\t\t\t\t<div class=\"elementor-container elementor-column-gap-default\">\n\t\t\t\t\t<div class=\"has_eae_slider elementor-column elementor-col-50 elementor-top-column elementor-element elementor-element-afa1398\" data-eae-slider=\"83026\" data-id=\"afa1398\" data-element_type=\"column\" data-e-type=\"column\">\n\t\t\t<div class=\"elementor-widget-wrap elementor-element-populated\">\n\t\t\t\t\t\t<section class=\"has_eae_slider elementor-section elementor-inner-section elementor-element elementor-element-445dde2 elementor-section-boxed elementor-section-height-default elementor-section-height-default\" data-eae-slider=\"48367\" data-id=\"445dde2\" data-element_type=\"section\" data-e-type=\"section\">\n\t\t\t\t\t\t<div class=\"elementor-container elementor-column-gap-default\">\n\t\t\t\t\t<div class=\"has_eae_slider elementor-column elementor-col-100 elementor-inner-column elementor-element elementor-element-77f4fd6\" data-eae-slider=\"2401\" data-id=\"77f4fd6\" data-element_type=\"column\" data-e-type=\"column\">\n\t\t\t<div class=\"elementor-widget-wrap elementor-element-populated\">\n\t\t\t\t\t\t<div class=\"elementor-element elementor-element-346d01b elementor-widget elementor-widget-heading\" data-id=\"346d01b\" data-element_type=\"widget\" data-e-type=\"widget\" data-widget_type=\"heading.default\">\n\t\t\t\t<div class=\"elementor-widget-container\">\n\t\t\t\t\t<h2 class=\"elementor-heading-title elementor-size-default\">Scuola<\/h2>\t\t\t\t<\/div>\n\t\t\t\t<\/div>\n\t\t\t\t<div class=\"elementor-element elementor-element-98b81f6 elementor-widget elementor-widget-heading\" data-id=\"98b81f6\" data-element_type=\"widget\" data-e-type=\"widget\" data-widget_type=\"heading.default\">\n\t\t\t\t<div class=\"elementor-widget-container\">\n\t\t\t\t\t<h2 class=\"elementor-heading-title elementor-size-default\"><a href=\"https:\/\/www.itaspertini.edu.it\/site\/la-scuola\/presentazione\/\">Presentazione<\/a><\/h2>\t\t\t\t<\/div>\n\t\t\t\t<\/div>\n\t\t\t\t<div class=\"elementor-element elementor-element-c365793 elementor-widget elementor-widget-heading\" data-id=\"c365793\" data-element_type=\"widget\" data-e-type=\"widget\" data-widget_type=\"heading.default\">\n\t\t\t\t<div class=\"elementor-widget-container\">\n\t\t\t\t\t<h2 class=\"elementor-heading-title elementor-size-default\"><a href=\"https:\/\/www.itaspertini.edu.it\/site\/scuola\/i-luoghi\/\">I luoghi<\/a><\/h2>\t\t\t\t<\/div>\n\t\t\t\t<\/div>\n\t\t\t\t<div class=\"elementor-element elementor-element-820d913 elementor-widget elementor-widget-heading\" data-id=\"820d913\" data-element_type=\"widget\" data-e-type=\"widget\" data-widget_type=\"heading.default\">\n\t\t\t\t<div class=\"elementor-widget-container\">\n\t\t\t\t\t<h2 class=\"elementor-heading-title elementor-size-default\"><a href=\"https:\/\/www.itaspertini.edu.it\/site\/i-numeri-della-scuola\/\">I numeri della scuola<\/a><\/h2>\t\t\t\t<\/div>\n\t\t\t\t<\/div>\n\t\t\t\t<div class=\"elementor-element elementor-element-b589c71 elementor-widget elementor-widget-heading\" data-id=\"b589c71\" data-element_type=\"widget\" data-e-type=\"widget\" data-widget_type=\"heading.default\">\n\t\t\t\t<div class=\"elementor-widget-container\">\n\t\t\t\t\t<h2 class=\"elementor-heading-title elementor-size-default\"><a href=\"https:\/\/www.itaspertini.edu.it\/site\/le-carte-della-scuola\/\">Le carte della scuola<\/a><\/h2>\t\t\t\t<\/div>\n\t\t\t\t<\/div>\n\t\t\t\t<div class=\"elementor-element elementor-element-d7aacf5 elementor-widget elementor-widget-heading\" data-id=\"d7aacf5\" data-element_type=\"widget\" data-e-type=\"widget\" data-widget_type=\"heading.default\">\n\t\t\t\t<div class=\"elementor-widget-container\">\n\t\t\t\t\t<h2 class=\"elementor-heading-title elementor-size-default\"><a href=\"https:\/\/www.itaspertini.edu.it\/site\/la-scuola\/organizzazione\/\">Organizzazione<\/a><\/h2>\t\t\t\t<\/div>\n\t\t\t\t<\/div>\n\t\t\t\t<div class=\"elementor-element elementor-element-79bce1e elementor-widget elementor-widget-heading\" data-id=\"79bce1e\" data-element_type=\"widget\" data-e-type=\"widget\" data-widget_type=\"heading.default\">\n\t\t\t\t<div class=\"elementor-widget-container\">\n\t\t\t\t\t<h2 class=\"elementor-heading-title elementor-size-default\"><a href=\"https:\/\/www.itaspertini.edu.it\/site\/la-scuola\/la-storia\/\">La storia<\/a><\/h2>\t\t\t\t<\/div>\n\t\t\t\t<\/div>\n\t\t\t\t\t<\/div>\n\t\t<\/div>\n\t\t\t\t\t<\/div>\n\t\t<\/section>\n\t\t\t\t<div class=\"elementor-element elementor-element-07b53e6 elementor-widget elementor-widget-heading\" data-id=\"07b53e6\" data-element_type=\"widget\" data-e-type=\"widget\" data-widget_type=\"heading.default\">\n\t\t\t\t<div class=\"elementor-widget-container\">\n\t\t\t\t\t<h2 class=\"elementor-heading-title elementor-size-default\"><a href=\"https:\/\/www.itaspertini.edu.it\/site\/scuola\/le-persone\/\">Le persone<\/a><\/h2>\t\t\t\t<\/div>\n\t\t\t\t<\/div>\n\t\t\t\t\t<\/div>\n\t\t<\/div>\n\t\t\t\t<div class=\"has_eae_slider elementor-column elementor-col-50 elementor-top-column elementor-element elementor-element-cc0b6df\" data-eae-slider=\"35098\" data-id=\"cc0b6df\" data-element_type=\"column\" data-e-type=\"column\">\n\t\t\t<div class=\"elementor-widget-wrap elementor-element-populated\">\n\t\t\t\t\t\t<div class=\"elementor-element elementor-element-8fe0cf3 elementor-widget elementor-widget-heading\" data-id=\"8fe0cf3\" data-element_type=\"widget\" data-e-type=\"widget\" data-widget_type=\"heading.default\">\n\t\t\t\t<div class=\"elementor-widget-container\">\n\t\t\t\t\t<h2 class=\"elementor-heading-title elementor-size-default\">I nostri plessi<\/h2>\t\t\t\t<\/div>\n\t\t\t\t<\/div>\n\t\t\t\t<div class=\"elementor-element elementor-element-6368307 elementor-widget elementor-widget-spacer\" data-id=\"6368307\" data-element_type=\"widget\" data-e-type=\"widget\" data-widget_type=\"spacer.default\">\n\t\t\t\t<div class=\"elementor-widget-container\">\n\t\t\t\t\t\t\t<div class=\"elementor-spacer\">\n\t\t\t<div class=\"elementor-spacer-inner\"><\/div>\n\t\t<\/div>\n\t\t\t\t\t\t<\/div>\n\t\t\t\t<\/div>\n\t\t\t\t<div class=\"elementor-element elementor-element-f83fcfa elementor-widget elementor-widget-toggle\" data-id=\"f83fcfa\" data-element_type=\"widget\" data-e-type=\"widget\" data-widget_type=\"toggle.default\">\n\t\t\t\t<div class=\"elementor-widget-container\">\n\t\t\t\t\t\t\t<div class=\"elementor-toggle\">\n\t\t\t\t\t\t\t<div class=\"elementor-toggle-item\">\n\t\t\t\t\t<div id=\"elementor-tab-title-2601\" class=\"elementor-tab-title\" data-tab=\"1\" role=\"button\" aria-controls=\"elementor-tab-content-2601\" aria-expanded=\"false\">\n\t\t\t\t\t\t\t\t\t\t\t\t<span class=\"elementor-toggle-icon elementor-toggle-icon-left\" aria-hidden=\"true\">\n\t\t\t\t\t\t\t\t\t\t\t\t\t\t\t<span class=\"elementor-toggle-icon-closed\"><i class=\"fas fa-school\"><\/i><\/span>\n\t\t\t\t\t\t\t\t<span class=\"elementor-toggle-icon-opened\"><i class=\"elementor-toggle-icon-opened fas fa-school\"><\/i><\/span>\n\t\t\t\t\t\t\t\t\t\t\t\t\t<\/span>\n\t\t\t\t\t\t\t\t\t\t\t\t<a class=\"elementor-toggle-title\" tabindex=\"0\">Liceo Linguistico \"S.Pertini\" sito in via Principe di Piemonte 2\/C<\/a>\n\t\t\t\t\t<\/div>\n\n\t\t\t\t\t<div id=\"elementor-tab-content-2601\" class=\"elementor-tab-content elementor-clearfix\" data-tab=\"1\" role=\"region\" aria-labelledby=\"elementor-tab-title-2601\"><p>Il percorso del Liceo Linguistico \u00e8 indirizzato allo studio di pi\u00f9 sistemi linguistici e culturali. Guida lo studente a sviluppare le conoscenze, le abilit\u00e0 e le competenze utili per acquisire la padronanza comunicativa di tre lingue, oltre all&#8217;italiano, fin dal primo anno scolastico, e per comprendere l&#8217;identit\u00e0 storica e culturale di tradizioni e civilt\u00e0 diverse.<\/p><p>Completano la formazione conoscenze storico-filosofiche, matematico-scientifico, letterario-artistiche e lo studio della lingua latina nel primo biennio.<\/p><p><a href=\"https:\/\/www.itaspertini.edu.it\/site\/liceo-linguistico-2\/\">Scopri di pi\u00f9<\/a><\/p><\/div>\n\t\t\t\t<\/div>\n\t\t\t\t\t\t\t<div class=\"elementor-toggle-item\">\n\t\t\t\t\t<div id=\"elementor-tab-title-2602\" class=\"elementor-tab-title\" data-tab=\"2\" role=\"button\" aria-controls=\"elementor-tab-content-2602\" aria-expanded=\"false\">\n\t\t\t\t\t\t\t\t\t\t\t\t<span class=\"elementor-toggle-icon elementor-toggle-icon-left\" aria-hidden=\"true\">\n\t\t\t\t\t\t\t\t\t\t\t\t\t\t\t<span class=\"elementor-toggle-icon-closed\"><i class=\"fas fa-school\"><\/i><\/span>\n\t\t\t\t\t\t\t\t<span class=\"elementor-toggle-icon-opened\"><i class=\"elementor-toggle-icon-opened fas fa-school\"><\/i><\/span>\n\t\t\t\t\t\t\t\t\t\t\t\t\t<\/span>\n\t\t\t\t\t\t\t\t\t\t\t\t<a class=\"elementor-toggle-title\" tabindex=\"0\">Indirizzo Professionale \"V.Cuoco\" sito in Corso Bucci, 28<\/a>\n\t\t\t\t\t<\/div>\n\n\t\t\t\t\t<div id=\"elementor-tab-content-2602\" class=\"elementor-tab-content elementor-clearfix\" data-tab=\"2\" role=\"region\" aria-labelledby=\"elementor-tab-title-2602\"><p>I percorsi sono finalizzati a:<\/p><p>&#8211; Confrontarsi con la realt\u00e0 aziendale, per poter mettere in pratica le competenze acquisite nell&#8217;iter scolastico e nei percorsi professionalizzanti;<\/p><p>&#8211; Riqualificare l&#8217;istruzione professionale fornendo competenze sempre pi\u00f9 spendibili nel mondo del lavoro e aderenti alle richieste del territorio;<\/p><p>&#8211; Stimolare l&#8217;autonomia dei ragazzi ad intraprendere la propria strada lavorativa come opportunit\u00e0 di crescita culturale &#8211; sociale;<\/p><p>&#8211; Agevolare l&#8217;apprendimento e una reale crescita dell&#8217;individuo e della societ\u00e0<\/p><p><a href=\"https:\/\/www.itaspertini.edu.it\/site\/orientamento-istituto-professionale-v-cuoco\/\">Scopri di pi\u00f9<\/a><\/p><\/div>\n\t\t\t\t<\/div>\n\t\t\t\t\t\t\t<div class=\"elementor-toggle-item\">\n\t\t\t\t\t<div id=\"elementor-tab-title-2603\" class=\"elementor-tab-title\" data-tab=\"3\" role=\"button\" aria-controls=\"elementor-tab-content-2603\" aria-expanded=\"false\">\n\t\t\t\t\t\t\t\t\t\t\t\t<span class=\"elementor-toggle-icon elementor-toggle-icon-left\" aria-hidden=\"true\">\n\t\t\t\t\t\t\t\t\t\t\t\t\t\t\t<span class=\"elementor-toggle-icon-closed\"><i class=\"fas fa-school\"><\/i><\/span>\n\t\t\t\t\t\t\t\t<span class=\"elementor-toggle-icon-opened\"><i class=\"elementor-toggle-icon-opened fas fa-school\"><\/i><\/span>\n\t\t\t\t\t\t\t\t\t\t\t\t\t<\/span>\n\t\t\t\t\t\t\t\t\t\t\t\t<a class=\"elementor-toggle-title\" tabindex=\"0\">Indirizzo di istruzione tecnica \"S.Pertini\" situato in Via Scardocchia<\/a>\n\t\t\t\t\t<\/div>\n\n\t\t\t\t\t<div id=\"elementor-tab-content-2603\" class=\"elementor-tab-content elementor-clearfix\" data-tab=\"3\" role=\"region\" aria-labelledby=\"elementor-tab-title-2603\"><p>I percorsi sono finalizzati a:<\/p><p>&#8211; Contribuire ad avvicinare il mondo della scuola al mondo del lavoro e alle sue specifiche problematiche;<\/p><p>&#8211; Stimolare gli interessi degli studenti come opportunit\u00e0 di crescita socio-culturale;<\/p><p>&#8211; Fornire agli studenti contesti di esperienza utili a favorire la conoscenza di s\u00e8, delle proprie attitudini, delle proprie competenze. In funzione di una scelta post diploma pi\u00f9 consapevole e ponderata;<\/p><p>&#8211; PCOT: All&#8217;estero un mese tutto gratis;<\/p><p>&#8211; Viaggi e scambi<\/p><p><a href=\"https:\/\/www.itaspertini.edu.it\/site\/biotecnologico\/\">Scopri di pi\u00f9<\/a><\/p><\/div>\n\t\t\t\t<\/div>\n\t\t\t\t\t\t\t<div class=\"elementor-toggle-item\">\n\t\t\t\t\t<div id=\"elementor-tab-title-2604\" class=\"elementor-tab-title\" data-tab=\"4\" role=\"button\" aria-controls=\"elementor-tab-content-2604\" aria-expanded=\"false\">\n\t\t\t\t\t\t\t\t\t\t\t\t<span class=\"elementor-toggle-icon elementor-toggle-icon-left\" aria-hidden=\"true\">\n\t\t\t\t\t\t\t\t\t\t\t\t\t\t\t<span class=\"elementor-toggle-icon-closed\"><i class=\"fas fa-school\"><\/i><\/span>\n\t\t\t\t\t\t\t\t<span class=\"elementor-toggle-icon-opened\"><i class=\"elementor-toggle-icon-opened fas fa-school\"><\/i><\/span>\n\t\t\t\t\t\t\t\t\t\t\t\t\t<\/span>\n\t\t\t\t\t\t\t\t\t\t\t\t<a class=\"elementor-toggle-title\" tabindex=\"0\">Indirizzo Professionale \"L.Montini\" sito in Via S.Giovanni, n.100<\/a>\n\t\t\t\t\t<\/div>\n\n\t\t\t\t\t<div id=\"elementor-tab-content-2604\" class=\"elementor-tab-content elementor-clearfix\" data-tab=\"4\" role=\"region\" aria-labelledby=\"elementor-tab-title-2604\"><p>L&#8217;indirizzo &#8220;Manutenzione e assistenza tecnica&#8221; ha lo scopo di far acquisire allo studente, a conclusione del percorso quinquennale, competenze per gestire, organizzare ed effettuare interventi di installazione e manutenzione ordinaria, di diagnostica, riparazione e collaudo relativamente a piccoli sistemi, impianti e apparati tecnici.<\/p><p><a href=\"https:\/\/www.itaspertini.edu.it\/site\/orientamento-ipia-l-montini\/\">Scopri di pi\u00f9<\/a><\/p><\/div>\n\t\t\t\t<\/div>\n\t\t\t\t\t\t\t\t<\/div>\n\t\t\t\t\t\t<\/div>\n\t\t\t\t<\/div>\n\t\t\t\t\t<\/div>\n\t\t<\/div>\n\t\t\t\t\t<\/div>\n\t\t<\/section>\n\t\t\t\t<\/div>\n\t\t","protected":false},"excerpt":{"rendered":"<p>Scuola Presentazione I luoghi I numeri della scuola Le carte della scuola Organizzazione La storia Le persone I nostri plessi Liceo Linguistico &#8220;S.Pertini&#8221; sito in via Principe di Piemonte 2\/C Il percorso del Liceo Linguistico \u00e8 indirizzato allo studio di pi\u00f9 sistemi linguistici e culturali. Guida lo studente a sviluppare le conoscenze, le abilit\u00e0 e [&hellip;]<\/p>\n","protected":false},"author":1,"featured_media":0,"parent":17673,"menu_order":0,"comment_status":"closed","ping_status":"closed","template":"","meta":{"footnotes":""},"class_list":["post-17671","page","type-page","status-publish","hentry"],"yoast_head":"<!-- This site is optimized with the Yoast SEO plugin v27.5 - https:\/\/yoast.com\/product\/yoast-seo-wordpress\/ -->\n<title>I luoghi - Itas Pertini<\/title>\n<meta name=\"robots\" content=\"index, follow, max-snippet:-1, max-image-preview:large, max-video-preview:-1\" \/>\n<link rel=\"canonical\" href=\"https:\/\/www.itaspertini.edu.it\/site\/la-scuola\/i-luoghi\/\" \/>\n<meta property=\"og:locale\" content=\"it_IT\" \/>\n<meta property=\"og:type\" content=\"article\" \/>\n<meta property=\"og:title\" content=\"I luoghi - Itas Pertini\" \/>\n<meta property=\"og:description\" content=\"Scuola Presentazione I luoghi I numeri della scuola Le carte della scuola Organizzazione La storia Le persone I nostri plessi Liceo Linguistico &#8220;S.Pertini&#8221; sito in via Principe di Piemonte 2\/C Il percorso del Liceo Linguistico \u00e8 indirizzato allo studio di pi\u00f9 sistemi linguistici e culturali. Guida lo studente a sviluppare le conoscenze, le abilit\u00e0 e [&hellip;]\" \/>\n<meta property=\"og:url\" content=\"https:\/\/www.itaspertini.edu.it\/site\/la-scuola\/i-luoghi\/\" \/>\n<meta property=\"og:site_name\" content=\"Itas Pertini\" \/>\n<meta property=\"article:modified_time\" content=\"2025-03-27T15:50:20+00:00\" \/>\n<meta name=\"twitter:card\" content=\"summary_large_image\" \/>\n<meta name=\"twitter:label1\" content=\"Tempo di lettura stimato\" \/>\n\t<meta name=\"twitter:data1\" content=\"2 minuti\" \/>\n<script type=\"application\/ld+json\" class=\"yoast-schema-graph\">{\"@context\":\"https:\\\/\\\/schema.org\",\"@graph\":[{\"@type\":\"WebPage\",\"@id\":\"https:\\\/\\\/www.itaspertini.edu.it\\\/site\\\/la-scuola\\\/i-luoghi\\\/\",\"url\":\"https:\\\/\\\/www.itaspertini.edu.it\\\/site\\\/la-scuola\\\/i-luoghi\\\/\",\"name\":\"I luoghi - Itas Pertini\",\"isPartOf\":{\"@id\":\"https:\\\/\\\/www.itaspertini.edu.it\\\/site\\\/#website\"},\"datePublished\":\"2023-01-25T11:32:05+00:00\",\"dateModified\":\"2025-03-27T15:50:20+00:00\",\"breadcrumb\":{\"@id\":\"https:\\\/\\\/www.itaspertini.edu.it\\\/site\\\/la-scuola\\\/i-luoghi\\\/#breadcrumb\"},\"inLanguage\":\"it-IT\",\"potentialAction\":[{\"@type\":\"ReadAction\",\"target\":[\"https:\\\/\\\/www.itaspertini.edu.it\\\/site\\\/la-scuola\\\/i-luoghi\\\/\"]}]},{\"@type\":\"BreadcrumbList\",\"@id\":\"https:\\\/\\\/www.itaspertini.edu.it\\\/site\\\/la-scuola\\\/i-luoghi\\\/#breadcrumb\",\"itemListElement\":[{\"@type\":\"ListItem\",\"position\":1,\"name\":\"Home\",\"item\":\"https:\\\/\\\/www.itaspertini.edu.it\\\/site\\\/\"},{\"@type\":\"ListItem\",\"position\":2,\"name\":\"La scuola\",\"item\":\"https:\\\/\\\/www.itaspertini.edu.it\\\/site\\\/la-scuola\\\/\"},{\"@type\":\"ListItem\",\"position\":3,\"name\":\"I luoghi\"}]},{\"@type\":\"WebSite\",\"@id\":\"https:\\\/\\\/www.itaspertini.edu.it\\\/site\\\/#website\",\"url\":\"https:\\\/\\\/www.itaspertini.edu.it\\\/site\\\/\",\"name\":\"Itas Pertini\",\"description\":\"Sito Istituzionale Itas Pertini\",\"potentialAction\":[{\"@type\":\"SearchAction\",\"target\":{\"@type\":\"EntryPoint\",\"urlTemplate\":\"https:\\\/\\\/www.itaspertini.edu.it\\\/site\\\/?s={search_term_string}\"},\"query-input\":{\"@type\":\"PropertyValueSpecification\",\"valueRequired\":true,\"valueName\":\"search_term_string\"}}],\"inLanguage\":\"it-IT\"}]}<\/script>\n<!-- \/ Yoast SEO plugin. -->","yoast_head_json":{"title":"I luoghi - Itas Pertini","robots":{"index":"index","follow":"follow","max-snippet":"max-snippet:-1","max-image-preview":"max-image-preview:large","max-video-preview":"max-video-preview:-1"},"canonical":"https:\/\/www.itaspertini.edu.it\/site\/la-scuola\/i-luoghi\/","og_locale":"it_IT","og_type":"article","og_title":"I luoghi - Itas Pertini","og_description":"Scuola Presentazione I luoghi I numeri della scuola Le carte della scuola Organizzazione La storia Le persone I nostri plessi Liceo Linguistico &#8220;S.Pertini&#8221; sito in via Principe di Piemonte 2\/C Il percorso del Liceo Linguistico \u00e8 indirizzato allo studio di pi\u00f9 sistemi linguistici e culturali. Guida lo studente a sviluppare le conoscenze, le abilit\u00e0 e [&hellip;]","og_url":"https:\/\/www.itaspertini.edu.it\/site\/la-scuola\/i-luoghi\/","og_site_name":"Itas Pertini","article_modified_time":"2025-03-27T15:50:20+00:00","twitter_card":"summary_large_image","twitter_misc":{"Tempo di lettura stimato":"2 minuti"},"schema":{"@context":"https:\/\/schema.org","@graph":[{"@type":"WebPage","@id":"https:\/\/www.itaspertini.edu.it\/site\/la-scuola\/i-luoghi\/","url":"https:\/\/www.itaspertini.edu.it\/site\/la-scuola\/i-luoghi\/","name":"I luoghi - Itas Pertini","isPartOf":{"@id":"https:\/\/www.itaspertini.edu.it\/site\/#website"},"datePublished":"2023-01-25T11:32:05+00:00","dateModified":"2025-03-27T15:50:20+00:00","breadcrumb":{"@id":"https:\/\/www.itaspertini.edu.it\/site\/la-scuola\/i-luoghi\/#breadcrumb"},"inLanguage":"it-IT","potentialAction":[{"@type":"ReadAction","target":["https:\/\/www.itaspertini.edu.it\/site\/la-scuola\/i-luoghi\/"]}]},{"@type":"BreadcrumbList","@id":"https:\/\/www.itaspertini.edu.it\/site\/la-scuola\/i-luoghi\/#breadcrumb","itemListElement":[{"@type":"ListItem","position":1,"name":"Home","item":"https:\/\/www.itaspertini.edu.it\/site\/"},{"@type":"ListItem","position":2,"name":"La scuola","item":"https:\/\/www.itaspertini.edu.it\/site\/la-scuola\/"},{"@type":"ListItem","position":3,"name":"I luoghi"}]},{"@type":"WebSite","@id":"https:\/\/www.itaspertini.edu.it\/site\/#website","url":"https:\/\/www.itaspertini.edu.it\/site\/","name":"Itas Pertini","description":"Sito Istituzionale Itas Pertini","potentialAction":[{"@type":"SearchAction","target":{"@type":"EntryPoint","urlTemplate":"https:\/\/www.itaspertini.edu.it\/site\/?s={search_term_string}"},"query-input":{"@type":"PropertyValueSpecification","valueRequired":true,"valueName":"search_term_string"}}],"inLanguage":"it-IT"}]}},"_links":{"self":[{"href":"https:\/\/www.itaspertini.edu.it\/site\/wp-json\/wp\/v2\/pages\/17671","targetHints":{"allow":["GET"]}}],"collection":[{"href":"https:\/\/www.itaspertini.edu.it\/site\/wp-json\/wp\/v2\/pages"}],"about":[{"href":"https:\/\/www.itaspertini.edu.it\/site\/wp-json\/wp\/v2\/types\/page"}],"author":[{"embeddable":true,"href":"https:\/\/www.itaspertini.edu.it\/site\/wp-json\/wp\/v2\/users\/1"}],"replies":[{"embeddable":true,"href":"https:\/\/www.itaspertini.edu.it\/site\/wp-json\/wp\/v2\/comments?post=17671"}],"version-history":[{"count":0,"href":"https:\/\/www.itaspertini.edu.it\/site\/wp-json\/wp\/v2\/pages\/17671\/revisions"}],"up":[{"embeddable":true,"href":"https:\/\/www.itaspertini.edu.it\/site\/wp-json\/wp\/v2\/pages\/17673"}],"wp:attachment":[{"href":"https:\/\/www.itaspertini.edu.it\/site\/wp-json\/wp\/v2\/media?parent=17671"}],"curies":[{"name":"wp","href":"https:\/\/api.w.org\/{rel}","templated":true}]}}